{"id":146,"date":"2016-10-07T19:35:51","date_gmt":"2016-10-07T17:35:51","guid":{"rendered":"http:\/\/www.sv-heiligenfelde.de\/wordpress\/?page_id=146"},"modified":"2025-10-14T08:40:59","modified_gmt":"2025-10-14T06:40:59","slug":"korbball","status":"publish","type":"page","link":"https:\/\/www.sv-heiligenfelde.de\/wordpress\/korbball\/","title":{"rendered":"Korbball"},"content":{"rendered":"<div class=\"flex_column av_one_full  flex_column_div av-zero-column-padding first  \" style='border-radius:0px; '><div style='padding-bottom:10px;' class='av-special-heading av-special-heading-h3     '><h3 class='av-special-heading-tag '  itemprop=\"headline\"  >Sparte Korbball<\/h3><div class='special-heading-border'><div class='special-heading-inner-border' ><\/div><\/div><\/div><\/div>\n<div class=\"flex_column av_one_full  flex_column_div av-zero-column-padding first  \" style='border-radius:0px; '><div style='padding-bottom:10px;' class='av-special-heading av-special-heading-h4     '><h4 class='av-special-heading-tag '  itemprop=\"headline\"  >Spartenleitung<\/h4><div class='special-heading-border'><div class='special-heading-inner-border' ><\/div><\/div><\/div><\/div>\n<div class=\"flex_column av_one_fourth  flex_column_div first  \" style='margin-top:0px; margin-bottom:0px; padding:0 5px 0 5px ; background-color:#f2f2f2; border-radius:0px; '><p><section class='avia-team-member  '  itemscope=\"itemscope\" itemtype=\"https:\/\/schema.org\/Person\" ><div class='team-img-container'><img class='avia_image avia_image_team' src='http:\/\/www.sv-heiligenfelde.de\/wordpress\/wp-content\/uploads\/2025\/10\/Frede-802x1030.png' alt='Frederike&lt;br \/&gt;\nJanshen&lt;br \/&gt;\n'  itemprop=\"image\"  \/><\/div><h3 class='team-member-name'  style='color:#000000; '  itemprop=\"name\" >Frederike<br \/>\nJanshen<br \/>\n<\/h3><div class='team-member-job-title av_opacity_variation'  style='color:#000000; '  itemprop=\"jobTitle\" ><\/p>\n<p style=\"font-size: 13pt;\">Spartenleiterin<\/p>\n<p><\/div><span class='hidden team-member-affiliation'  itemprop=\"affiliation\" >SV Heiligenfelde<\/span><\/section><br \/>\n<span class=\"av_font_icon avia_animate_when_visible  av-icon-style-  av-no-color avia-icon-pos-left \" style=\"\"><a href='tel:'   class='av-icon-char' style='font-size:40px;line-height:40px;' aria-hidden='true' data-av_icon='\ue854' data-av_iconfont='entypo-fontello' data-avia-icon-tooltip=\"&lt;br \/&gt;\nTelefon:&lt;br \/&gt;\n\"><\/a><\/span><br \/>\n<span class=\"av_font_icon avia_animate_when_visible  av-icon-style-  av-no-color avia-icon-pos-left \" style=\"\"><a href='mailto:mailto:vorstand@sv-heiligenfelde.de'   class='av-icon-char' style='font-size:40px;line-height:40px;' aria-hidden='true' data-av_icon='\ue805' data-av_iconfont='entypo-fontello' data-avia-icon-tooltip=\"&lt;br \/&gt;\nE-Mail: vorstand@sv-heiligenfelde.de&lt;br \/&gt;\n\"><\/a><\/span><\/p><\/div>\n<div class=\"flex_column av_one_fourth  flex_column_div   \" style='margin-top:0px; margin-bottom:0px; padding:0 5px 0 5px ; background-color:#f2f2f2; border-radius:0px; '><p><section class='avia-team-member  '  itemscope=\"itemscope\" itemtype=\"https:\/\/schema.org\/Person\" ><h3 class='team-member-name'  style='color:#000000; '  itemprop=\"name\" >Stefanie<br \/>\nWoyke<br \/>\n<\/h3><div class='team-member-job-title av_opacity_variation'  style='color:#000000; '  itemprop=\"jobTitle\" ><\/p>\n<p style=\"font-size: 13pt;\">Stellv. Spartenleiterin<\/p>\n<p><\/div><span class='hidden team-member-affiliation'  itemprop=\"affiliation\" >SV Heiligenfelde<\/span><\/section><br \/>\n<span class=\"av_font_icon avia_animate_when_visible  av-icon-style-  av-no-color avia-icon-pos-left \" style=\"\"><a href='tel:'   class='av-icon-char' style='font-size:40px;line-height:40px;' aria-hidden='true' data-av_icon='\ue854' data-av_iconfont='entypo-fontello' data-avia-icon-tooltip=\"&lt;br \/&gt;\nTelefon:&lt;br \/&gt;\n\"><\/a><\/span><br \/>\n<span class=\"av_font_icon avia_animate_when_visible  av-icon-style-  av-no-color avia-icon-pos-left \" style=\"\"><a href='manually'   class='av-icon-char' style='font-size:40px;line-height:40px;' aria-hidden='true' data-av_icon='\ue805' data-av_iconfont='entypo-fontello' data-avia-icon-tooltip=\"&lt;br \/&gt;\nE-Mail:&lt;br \/&gt;\n\"><\/a><\/span><\/p><\/div>\n<div class=\"flex_column av_one_full  flex_column_div av-zero-column-padding first  \" style='border-radius:0px; '><div style='padding-bottom:10px;' class='av-special-heading av-special-heading-h4     '><h4 class='av-special-heading-tag '  itemprop=\"headline\"  >Alle Trainingszeiten im \u00dcberblick<\/h4><div class='special-heading-border'><div class='special-heading-inner-border' ><\/div><\/div><\/div><\/div>\n<div class=\"flex_column av_one_full  flex_column_div av-zero-column-padding first  \" style='border-radius:0px; '><p><div style='padding-bottom:10px;' class='av-special-heading av-special-heading-h4     '><h4 class='av-special-heading-tag '  itemprop=\"headline\"  >Mannschaften<\/h4><div class='special-heading-border'><div class='special-heading-inner-border' ><\/div><\/div><\/div><br \/>\n<div style='padding-bottom:10px;' class='av-special-heading av-special-heading-h4     '><h4 class='av-special-heading-tag '  itemprop=\"headline\"  >1. Damen<\/h4><div class='special-heading-border'><div class='special-heading-inner-border' ><\/div><\/div><\/div><br \/>\n<section class='avia-team-member  '  itemscope=\"itemscope\" itemtype=\"https:\/\/schema.org\/Person\" ><div class='team-img-container'><img class='avia_image avia_image_team' src='http:\/\/www.sv-heiligenfelde.de\/wordpress\/wp-content\/uploads\/2025\/10\/TSG-006-25-0031_1.-Damen-1030x736.jpg' alt=''  itemprop=\"image\"  \/><\/div><div class='team-member-description av_inherit_color'  itemprop=\"description\"   style='color:#000000; '><p>Damen I:<\/p>\n<p>stehend hinten von links nach rechts: Vanessa Boschen, Rieke Kl\u00f6cker, Tabea Niemann, Mailin Wiegmann, Katrin Winte, Frank Janshen (Trainer)<\/p>\n<p>hockend von links nach rechts: Diana Hildebrandt, Celina Sammann, Kim Brackmann, Frederike Janshen<\/p>\n<p>es fehlt: Christin Kisteneich<\/p>\n<\/div><span class='hidden team-member-affiliation'  itemprop=\"affiliation\" >SV Heiligenfelde<\/span><\/section><\/p><\/div>\n<div style='padding-bottom:10px;' class='av-special-heading av-special-heading-h4     '><h4 class='av-special-heading-tag '  itemprop=\"headline\"  >2. Damen<\/h4><div class='special-heading-border'><div class='special-heading-inner-border' ><\/div><\/div><\/div>\n<section class='avia-team-member  '  itemscope=\"itemscope\" itemtype=\"https:\/\/schema.org\/Person\" ><div class='team-img-container'><img class='avia_image avia_image_team' src='http:\/\/www.sv-heiligenfelde.de\/wordpress\/wp-content\/uploads\/2025\/10\/TSG-006-25-0010_2.-Damen-1030x736.jpg' alt=''  itemprop=\"image\"  \/><\/div><div class='team-member-description av_inherit_color'  itemprop=\"description\"   style='color:#000000; '><p>Damen II:<\/p>\n<p>stehend hinten von links nach rechts: Jacky Fleitling (Spielertrainerin), Stefanie Woyke, Mareen Adams, Ina Bruns, Vanessa Helms (Trainerin)<\/p>\n<p>hockend von links nach rechts: Svenja Baykal, Mira Liebich, Katrin Worm<\/p>\n<p>es fehlt: Meike Supernok<\/p>\n<\/div><span class='hidden team-member-affiliation'  itemprop=\"affiliation\" >SV Heiligenfelde<\/span><\/section>\n<div style='padding-bottom:10px;' class='av-special-heading av-special-heading-h4     '><h4 class='av-special-heading-tag '  itemprop=\"headline\"  >3. Damen<\/h4><div class='special-heading-border'><div class='special-heading-inner-border' ><\/div><\/div><\/div>\n<section class='avia-team-member  '  itemscope=\"itemscope\" itemtype=\"https:\/\/schema.org\/Person\" ><div class='team-img-container'><img class='avia_image avia_image_team' src='http:\/\/www.sv-heiligenfelde.de\/wordpress\/wp-content\/uploads\/2025\/10\/TSG-006-25-0027_3_-Damen-1030x736.jpg' alt=''  itemprop=\"image\"  \/><\/div><div class='team-member-description av_inherit_color'  itemprop=\"description\"   style='color:#000000; '><p>Damen III:<\/p>\n<p>stehend hinten von links nach rechts: Lena Weidemann, Mareike Weber, Sonja Wendt, Vivian Helfrich, Jana Speer, Silke Schwerdt (Spielertrainerin)<\/p>\n<p>hockend von links nach rechts: Bianca Barmbold, Chantal Freie, Laura Speer<\/p>\n<p>es fehlt: Laura Vogel, Wiebke Br\u00fcggemann<\/p>\n<\/div><span class='hidden team-member-affiliation'  itemprop=\"affiliation\" >SV Heiligenfelde<\/span><\/section>\n<div style='padding-bottom:10px;' class='av-special-heading av-special-heading-h4     '><h4 class='av-special-heading-tag '  itemprop=\"headline\"  >A-Jugend<\/h4><div class='special-heading-border'><div class='special-heading-inner-border' ><\/div><\/div><\/div>\n<section class='avia-team-member  '  itemscope=\"itemscope\" itemtype=\"https:\/\/schema.org\/Person\" ><div class='team-img-container'><img class='avia_image avia_image_team' src='http:\/\/www.sv-heiligenfelde.de\/wordpress\/wp-content\/uploads\/2025\/10\/TSG-006-25-0006_A-Jugend-1030x736.jpg' alt=''  itemprop=\"image\"  \/><\/div><div class='team-member-description av_inherit_color'  itemprop=\"description\"   style='color:#000000; '><p>A-Jugend:<\/p>\n<p>stehend hinten von links nach rechts: Inga Wesemann (Trainerin), Mia Damaschun, Antonia Stoffregen, Jana Barmbold, Sonka Niemann, Emma Stoffregen, Lia Simon, Svenja L\u00f6hmann (Trainerin)<\/p>\n<p>hockend von links nach rechts: Romy Opfer, Maike Giese, Greta H\u00f6velmann, Siri Hollwedel, Alina Gutsch<\/p>\n<p>es fehlt: keiner<\/p>\n<\/div><span class='hidden team-member-affiliation'  itemprop=\"affiliation\" >SV Heiligenfelde<\/span><\/section>\n<div style='padding-bottom:10px;' class='av-special-heading av-special-heading-h4     '><h4 class='av-special-heading-tag '  itemprop=\"headline\"  >B-Jugend<\/h4><div class='special-heading-border'><div class='special-heading-inner-border' ><\/div><\/div><\/div>\n<section class='avia-team-member  '  itemscope=\"itemscope\" itemtype=\"https:\/\/schema.org\/Person\" ><div class='team-img-container'><img class='avia_image avia_image_team' src='http:\/\/www.sv-heiligenfelde.de\/wordpress\/wp-content\/uploads\/2025\/10\/TSG-006-25-0024_B-Jugend-1030x736.jpg' alt=''  itemprop=\"image\"  \/><\/div><div class='team-member-description av_inherit_color'  itemprop=\"description\"   style='color:#000000; '><p>B-Jugend:<\/p>\n<p>stehend hinten von links nach rechts: Mailin Wiegmann (Trainerin), Simea-Mirjam Lehmann, Mali Simon, Emma Kruse, Amei Behrmann, Lena Dr\u00e4ger, Pia Habighorst, Bianca Barmbold (Trainerin)<\/p>\n<p>hockend von links nach rechts: Mara H\u00fcneke, Nayla Niemeier, Lina Wolf<\/p>\n<p>es fehlt: Ela Sahin<\/p>\n<\/div><span class='hidden team-member-affiliation'  itemprop=\"affiliation\" >SV Heiligenfelde<\/span><\/section>\n<div style='padding-bottom:10px;' class='av-special-heading av-special-heading-h4     '><h4 class='av-special-heading-tag '  itemprop=\"headline\"  >C-Jugend<\/h4><div class='special-heading-border'><div class='special-heading-inner-border' ><\/div><\/div><\/div>\n<section class='avia-team-member  '  itemscope=\"itemscope\" itemtype=\"https:\/\/schema.org\/Person\" ><div class='team-img-container'><img class='avia_image avia_image_team' src='http:\/\/www.sv-heiligenfelde.de\/wordpress\/wp-content\/uploads\/2025\/10\/TSG-006-25-0021_C-Jugend-1030x736.jpg' alt=''  itemprop=\"image\"  \/><\/div><div class='team-member-description av_inherit_color'  itemprop=\"description\"   style='color:#000000; '><p>C-Jugend:<\/p>\n<p>stehend hinten von links nach rechts: Simea-Mirjam Lehmann (Trainerin), Romy B\u00f6ttcher, Pia Sophie Habighorst, Mali Simon, Lena Dr\u00e4ger, Lina Wolf, Elina H\u00fcbner, Sydney Kramer (Trainerin)<\/p>\n<p>hockend von links nach rechts: Jelena Helms, Amelie Volkmann, Mia Ellerbrock, Amei Behrmann<\/p>\n<p>es fehlt: Lynn Ringel, Jana Paschek, Emilia Stromburg, Sophie-Marie Paul<\/p>\n<\/div><span class='hidden team-member-affiliation'  itemprop=\"affiliation\" >SV Heiligenfelde<\/span><\/section>\n<div style='padding-bottom:10px;' class='av-special-heading av-special-heading-h4     '><h4 class='av-special-heading-tag '  itemprop=\"headline\"  >E-Jugend<\/h4><div class='special-heading-border'><div class='special-heading-inner-border' ><\/div><\/div><\/div>\n<section class='avia-team-member  '  itemscope=\"itemscope\" itemtype=\"https:\/\/schema.org\/Person\" ><div class='team-img-container'><img class='avia_image avia_image_team' src='http:\/\/www.sv-heiligenfelde.de\/wordpress\/wp-content\/uploads\/2025\/10\/TSG-006-25-0034_E-Jugend-1030x736.jpg' alt=''  itemprop=\"image\"  \/><\/div><div class='team-member-description av_inherit_color'  itemprop=\"description\"   style='color:#000000; '><p>E-Jugend:<\/p>\n<p>stehend hinten von links nach rechts: Pia Habighorst (Trainerin), Marisa Schwanitz, Johanna Siemer, Rieke Bast, Lilli Meyer, Marcel Schwerdt (Trainer), Alessia Fleitling, Lena Dr\u00e4ger (Trainerin)<\/p>\n<p>hockend von links nach rechts: Emily Gruhn, Silja Helms, Emilia Marie Rathkamp, Sophia Schreider<\/p>\n<p>es fehlen: Neele Heuer<\/p>\n<\/div><span class='hidden team-member-affiliation'  itemprop=\"affiliation\" >SV Heiligenfelde<\/span><\/section>\n<div style='padding-bottom:10px;' class='av-special-heading av-special-heading-h4     '><h4 class='av-special-heading-tag '  itemprop=\"headline\"  >F-Jugend<\/h4><div class='special-heading-border'><div class='special-heading-inner-border' ><\/div><\/div><\/div>\n<section class='avia-team-member  '  itemscope=\"itemscope\" itemtype=\"https:\/\/schema.org\/Person\" ><div class='team-img-container'><img class='avia_image avia_image_team' src='http:\/\/www.sv-heiligenfelde.de\/wordpress\/wp-content\/uploads\/2025\/10\/TSG-006-25-0018_F-Jugend-1030x736.jpg' alt=''  itemprop=\"image\"  \/><\/div><div class='team-member-description av_inherit_color'  itemprop=\"description\"   style='color:#000000; '><p>F-Jugend:<\/p>\n<p>stehend hinten von links nach rechts: Lotta Schwerdt, Emmy Bokelmann, Emma Stoffregen (Trainerin), Mette Marie D\u00f6hrmann, Hanna Worm, Sonka Niemann (Trainerin), Ida Otto, Isabell von der Hagen, Clara Winterbur<\/p>\n<p>hockend von links nach rechts: Klara K\u00f6hler, Nieke Gerlach, Ylvi Schwarzer, Leana Dr\u00fccker<\/p>\n<p>es fehlen: Ylvi Baro, Henni Klu\u00dfmann und Louisa Haske<\/p>\n<\/div><span class='hidden team-member-affiliation'  itemprop=\"affiliation\" >SV Heiligenfelde<\/span><\/section>\n","protected":false},"excerpt":{"rendered":"","protected":false},"author":2,"featured_media":0,"parent":0,"menu_order":0,"comment_status":"closed","ping_status":"closed","template":"","meta":{"footnotes":""},"_links":{"self":[{"href":"https:\/\/www.sv-heiligenfelde.de\/wordpress\/wp-json\/wp\/v2\/pages\/146"}],"collection":[{"href":"https:\/\/www.sv-heiligenfelde.de\/wordpress\/wp-json\/wp\/v2\/pages"}],"about":[{"href":"https:\/\/www.sv-heiligenfelde.de\/wordpress\/wp-json\/wp\/v2\/types\/page"}],"author":[{"embeddable":true,"href":"https:\/\/www.sv-heiligenfelde.de\/wordpress\/wp-json\/wp\/v2\/users\/2"}],"replies":[{"embeddable":true,"href":"https:\/\/www.sv-heiligenfelde.de\/wordpress\/wp-json\/wp\/v2\/comments?post=146"}],"version-history":[{"count":38,"href":"https:\/\/www.sv-heiligenfelde.de\/wordpress\/wp-json\/wp\/v2\/pages\/146\/revisions"}],"predecessor-version":[{"id":3245,"href":"https:\/\/www.sv-heiligenfelde.de\/wordpress\/wp-json\/wp\/v2\/pages\/146\/revisions\/3245"}],"wp:attachment":[{"href":"https:\/\/www.sv-heiligenfelde.de\/wordpress\/wp-json\/wp\/v2\/media?parent=146"}],"curies":[{"name":"wp","href":"https:\/\/api.w.org\/{rel}","templated":true}]}}